{"id":124,"date":"2024-02-13T19:08:36","date_gmt":"2024-02-13T19:08:36","guid":{"rendered":"http:\/\/cozinhatrevous.com.br\/?page_id=124"},"modified":"2024-02-13T19:08:36","modified_gmt":"2024-02-13T19:08:36","slug":"cozinha-trevous","status":"publish","type":"page","link":"https:\/\/trevo.us\/cozinha\/cozinha-trevous\/","title":{"rendered":"Home"},"content":{"rendered":"<div class=\"wpb-content-wrapper\"><p>[vc_row][vc_column offset=&#8221;vc_hidden-lg&#8221;][vc_empty_space][vc_row_inner content_placement=&#8221;middle&#8221; css=&#8221;.vc_custom_1728830746075{padding-right: 30px !important;padding-left: 30px !important;}&#8221;][vc_column_inner width=&#8221;1\/4&#8243;][vc_single_image image=&#8221;484&#8243; img_size=&#8221;full&#8221; alignment=&#8221;center&#8221; style=&#8221;vc_box_circle&#8221;][\/vc_column_inner][vc_column_inner width=&#8221;3\/4&#8243;][lab_text_autotype typed_text=&#8221;<\/p>\n<h5>E a\u00ed? Bora *comer?;cozinhar?;laricar?;ragar?;beber?;experimentar?;degustar?*<\/h5>\n<p>&#8221; typed_show_options=&#8221;yes&#8221; typed_options_loopcount=&#8221;-1&#8243; typed_options_typespeed=&#8221;40&#8243;][vc_column_text]<\/p>\n<blockquote>\n<p style=\"text-align: left\"><span style=\"font-size: 14pt\"><strong>&#8220;Cozinhar \u00e9 minha paix\u00e3o, saborear pratos incr\u00edveis \u00e9 meu hobby, e compartilhar todas essas experi\u00eancias culin\u00e1rias \u00e9 o que move a Cozinha TREVOUS! \u26a1\ufe0f&#8221;<\/strong><\/span><\/p>\n<\/blockquote>\n<p>[\/vc_column_text][\/vc_column_inner][\/vc_row_inner][vc_row_inner][vc_column_inner width=&#8221;1\/4&#8243;][\/vc_column_inner][vc_column_inner width=&#8221;1\/2&#8243;][vc_column_text]<div id=\"wpupg-grid-with-filters-2\" class=\"wpupg-grid-with-filters\"><div id=\"wpupg-grid-container-2\" class=\"wpupg-grid-container\"><style>#wpupg-grid-2 .wpupg-item { width: calc(100% - 20px); max-width: none; margin: 10px; } #wpupg-grid-2 { margin: 0 -10px;}<\/style><div id=\"wpupg-grid-2\" class=\"wpupg-grid wpupg-grid-loading\" data-grid-id=\"1023\"><a class=\"wpupg-item wpupg-item-post wpupg-item-1370 wpupg-type-post wpupg-item-has-image wpupg-template-simple-2 wpupg-item-link\" href=\"https:\/\/trevo.us\/cozinha\/macarrao-com-atum-e-molho-oriental\/\" target=\"_self\" data-id=\"1370\" data-order-default=\"1732031039\"><div class=\"wpupg-item-image wpupg-block-image-normal wpupg-align-center\"><img loading=\"lazy\" decoding=\"async\" style=\"border-width: 0px;border-style: solid;border-color: #ffffff;\" width=\"945\" height=\"676\" src=\"https:\/\/trevo.us\/cozinha\/wp-content\/uploads\/sites\/6\/2024\/11\/macarrao-com-atum-e-molho-oriental-tentativa-cozinha-trevous-capa-2-scaled-1-1024x732.jpg\" class=\"skip-lazy disable-lazyload attachment-large size-large\" alt=\"\" srcset=\"https:\/\/trevo.us\/cozinha\/wp-content\/uploads\/sites\/6\/2024\/11\/macarrao-com-atum-e-molho-oriental-tentativa-cozinha-trevous-capa-2-scaled-1-1024x732.jpg 1024w, https:\/\/trevo.us\/cozinha\/wp-content\/uploads\/sites\/6\/2024\/11\/macarrao-com-atum-e-molho-oriental-tentativa-cozinha-trevous-capa-2-scaled-1-300x214.jpg 300w, https:\/\/trevo.us\/cozinha\/wp-content\/uploads\/sites\/6\/2024\/11\/macarrao-com-atum-e-molho-oriental-tentativa-cozinha-trevous-capa-2-scaled-1-768x549.jpg 768w, https:\/\/trevo.us\/cozinha\/wp-content\/uploads\/sites\/6\/2024\/11\/macarrao-com-atum-e-molho-oriental-tentativa-cozinha-trevous-capa-2-scaled-1-1536x1097.jpg 1536w, https:\/\/trevo.us\/cozinha\/wp-content\/uploads\/sites\/6\/2024\/11\/macarrao-com-atum-e-molho-oriental-tentativa-cozinha-trevous-capa-2-scaled-1-1116x797.jpg 1116w, https:\/\/trevo.us\/cozinha\/wp-content\/uploads\/sites\/6\/2024\/11\/macarrao-com-atum-e-molho-oriental-tentativa-cozinha-trevous-capa-2-scaled-1-806x576.jpg 806w, https:\/\/trevo.us\/cozinha\/wp-content\/uploads\/sites\/6\/2024\/11\/macarrao-com-atum-e-molho-oriental-tentativa-cozinha-trevous-capa-2-scaled-1-558x399.jpg 558w, https:\/\/trevo.us\/cozinha\/wp-content\/uploads\/sites\/6\/2024\/11\/macarrao-com-atum-e-molho-oriental-tentativa-cozinha-trevous-capa-2-scaled-1-655x468.jpg 655w, https:\/\/trevo.us\/cozinha\/wp-content\/uploads\/sites\/6\/2024\/11\/macarrao-com-atum-e-molho-oriental-tentativa-cozinha-trevous-capa-2-scaled-1-600x429.jpg 600w, https:\/\/trevo.us\/cozinha\/wp-content\/uploads\/sites\/6\/2024\/11\/macarrao-com-atum-e-molho-oriental-tentativa-cozinha-trevous-capa-2-scaled-1.jpg 1600w\" sizes=\"auto, (max-width: 945px) 100vw, 945px\" \/><\/div>\n<div class=\"wpupg-meta-container\">\n    <h4 class=\"wpupg-item-title wpupg-block-text-bold\">Macarr\u00e3o com atum e molho oriental<\/h4>\n<div class=\"wpupg-spacer\"><\/div>\n<span class=\"wpupg-item-excerpt wpupg-block-text-normal\">Mais uma receita de improviso, criada com ingredientes esquecidos na geladeira <\/span>\n\n\n<\/div><\/a><\/div><\/div><\/div>[\/vc_column_text][vc_raw_html]JTNDcCUzRSU1QnNpYndwX2Zvcm0lMjBpZCUzRDElNUQlM0MlMkZwJTNF[\/vc_raw_html][vc_single_image image=&#8221;825&#8243; img_size=&#8221;full&#8221; alignment=&#8221;center&#8221; style=&#8221;vc_box_rounded&#8221; onclick=&#8221;custom_link&#8221; link=&#8221;http:\/\/cozinhatrevous.com.br\/receitas&#8221;][\/vc_column_inner][vc_column_inner width=&#8221;1\/4&#8243;][\/vc_column_inner][\/vc_row_inner][\/vc_column][\/vc_row][vc_row][vc_column offset=&#8221;vc_hidden-md vc_hidden-sm vc_hidden-xs&#8221;][vc_empty_space][vc_row_inner content_placement=&#8221;middle&#8221; css=&#8221;.vc_custom_1711896250099{padding-right: 40px !important;padding-left: 40px !important;}&#8221;][vc_column_inner width=&#8221;1\/4&#8243;][vc_single_image image=&#8221;484&#8243; img_size=&#8221;full&#8221; alignment=&#8221;center&#8221; style=&#8221;vc_box_circle&#8221;][\/vc_column_inner][vc_column_inner width=&#8221;3\/4&#8243;][lab_text_autotype typed_text=&#8221;<\/p>\n<h2>E a\u00ed? Bora *comer?;cozinhar?;laricar?;rangar?;beber?;matar a fome?;degustar?*<\/h2>\n<p>&#8221; typed_show_options=&#8221;yes&#8221; typed_options_loopcount=&#8221;-1&#8243; typed_options_typespeed=&#8221;40&#8243;][vc_column_text]<\/p>\n<blockquote>\n<p style=\"text-align: left\"><span style=\"font-size: 18pt\"><strong>&#8220;Cozinhar \u00e9 minha paix\u00e3o, saborear pratos incr\u00edveis \u00e9 meu hobby, e compartilhar todas essas experi\u00eancias culin\u00e1rias \u00e9 o que move a Cozinha TREVOUS! \u26a1\ufe0f&#8221;<\/strong><\/span><\/p>\n<\/blockquote>\n<p>[\/vc_column_text][\/vc_column_inner][\/vc_row_inner][vc_empty_space][vc_row_inner][vc_column_inner width=&#8221;2\/3&#8243;][vc_column_text]<div id=\"wpupg-grid-with-filters-2\" class=\"wpupg-grid-with-filters\"><div id=\"wpupg-grid-container-2\" class=\"wpupg-grid-container\"><style>#wpupg-grid-2 .wpupg-item { width: calc(100% - 20px); max-width: none; margin: 10px; } #wpupg-grid-2 { margin: 0 -10px;}<\/style><div id=\"wpupg-grid-2\" class=\"wpupg-grid wpupg-grid-loading\" data-grid-id=\"1023\"><a class=\"wpupg-item wpupg-item-post wpupg-item-1370 wpupg-type-post wpupg-item-has-image wpupg-template-simple-2 wpupg-item-link\" href=\"https:\/\/trevo.us\/cozinha\/macarrao-com-atum-e-molho-oriental\/\" target=\"_self\" data-id=\"1370\" data-order-default=\"1732031039\"><div class=\"wpupg-item-image wpupg-block-image-normal wpupg-align-center\"><img loading=\"lazy\" decoding=\"async\" style=\"border-width: 0px;border-style: solid;border-color: #ffffff;\" width=\"945\" height=\"676\" src=\"https:\/\/trevo.us\/cozinha\/wp-content\/uploads\/sites\/6\/2024\/11\/macarrao-com-atum-e-molho-oriental-tentativa-cozinha-trevous-capa-2-scaled-1-1024x732.jpg\" class=\"skip-lazy disable-lazyload attachment-large size-large\" alt=\"\" srcset=\"https:\/\/trevo.us\/cozinha\/wp-content\/uploads\/sites\/6\/2024\/11\/macarrao-com-atum-e-molho-oriental-tentativa-cozinha-trevous-capa-2-scaled-1-1024x732.jpg 1024w, https:\/\/trevo.us\/cozinha\/wp-content\/uploads\/sites\/6\/2024\/11\/macarrao-com-atum-e-molho-oriental-tentativa-cozinha-trevous-capa-2-scaled-1-300x214.jpg 300w, https:\/\/trevo.us\/cozinha\/wp-content\/uploads\/sites\/6\/2024\/11\/macarrao-com-atum-e-molho-oriental-tentativa-cozinha-trevous-capa-2-scaled-1-768x549.jpg 768w, https:\/\/trevo.us\/cozinha\/wp-content\/uploads\/sites\/6\/2024\/11\/macarrao-com-atum-e-molho-oriental-tentativa-cozinha-trevous-capa-2-scaled-1-1536x1097.jpg 1536w, https:\/\/trevo.us\/cozinha\/wp-content\/uploads\/sites\/6\/2024\/11\/macarrao-com-atum-e-molho-oriental-tentativa-cozinha-trevous-capa-2-scaled-1-1116x797.jpg 1116w, https:\/\/trevo.us\/cozinha\/wp-content\/uploads\/sites\/6\/2024\/11\/macarrao-com-atum-e-molho-oriental-tentativa-cozinha-trevous-capa-2-scaled-1-806x576.jpg 806w, https:\/\/trevo.us\/cozinha\/wp-content\/uploads\/sites\/6\/2024\/11\/macarrao-com-atum-e-molho-oriental-tentativa-cozinha-trevous-capa-2-scaled-1-558x399.jpg 558w, https:\/\/trevo.us\/cozinha\/wp-content\/uploads\/sites\/6\/2024\/11\/macarrao-com-atum-e-molho-oriental-tentativa-cozinha-trevous-capa-2-scaled-1-655x468.jpg 655w, https:\/\/trevo.us\/cozinha\/wp-content\/uploads\/sites\/6\/2024\/11\/macarrao-com-atum-e-molho-oriental-tentativa-cozinha-trevous-capa-2-scaled-1-600x429.jpg 600w, https:\/\/trevo.us\/cozinha\/wp-content\/uploads\/sites\/6\/2024\/11\/macarrao-com-atum-e-molho-oriental-tentativa-cozinha-trevous-capa-2-scaled-1.jpg 1600w\" sizes=\"auto, (max-width: 945px) 100vw, 945px\" \/><\/div>\n<div class=\"wpupg-meta-container\">\n    <h4 class=\"wpupg-item-title wpupg-block-text-bold\">Macarr\u00e3o com atum e molho oriental<\/h4>\n<div class=\"wpupg-spacer\"><\/div>\n<span class=\"wpupg-item-excerpt wpupg-block-text-normal\">Mais uma receita de improviso, criada com ingredientes esquecidos na geladeira <\/span>\n\n\n<\/div><\/a><\/div><\/div><\/div>[\/vc_column_text][\/vc_column_inner][vc_column_inner width=&#8221;1\/3&#8243;][vc_empty_space height=&#8221;10px&#8221;][vc_raw_html css=&#8221;.vc_custom_1729012119360{padding-top: 40px !important;padding-right: 20px !important;padding-bottom: 40px !important;padding-left: 20px !important;background-color: #fce1e1 !important;background-position: center !important;background-repeat: no-repeat !important;background-size: cover !important;border-radius: 15px !important;}&#8221;]JTNDcCUzRSU1QnNpYndwX2Zvcm0lMjBpZCUzRDElNUQlM0MlMkZwJTNF[\/vc_raw_html][vc_single_image image=&#8221;825&#8243; img_size=&#8221;full&#8221; style=&#8221;vc_box_rounded&#8221; onclick=&#8221;custom_link&#8221; link=&#8221;http:\/\/cozinhatrevous.com.br\/receitas&#8221;][\/vc_column_inner][\/vc_row_inner][vc_empty_space height=&#8221;64px&#8221;][\/vc_column][\/vc_row]<\/p>\n<\/div>","protected":false},"excerpt":{"rendered":"<p>[vc_row][vc_column offset=&#8221;vc_hidden-lg&#8221;][vc_empty_space][vc_row_inner content_placement=&#8221;middle&#8221; css=&#8221;.vc_custom_1728830746075{padding-right: 30px !important;padding-left: 30px !important;}&#8221;][vc_column_inner width=&#8221;1\/4&#8243;][vc_single_image image=&#8221;484&#8243; img_size=&#8221;full&#8221; alignment=&#8221;center&#8221; style=&#8221;vc_box_circle&#8221;][\/vc_column_inner][vc_column_inner width=&#8221;3\/4&#8243;][lab_text_autotype typed_text=&#8221; E a\u00ed? Bora *comer?;cozinhar?;laricar?;ragar?;beber?;experimentar?;degustar?* &#8221; typed_show_options=&#8221;yes&#8221; typed_options_loopcount=&#8221;-1&#8243; typed_options_typespeed=&#8221;40&#8243;][vc_column_text] &#8220;Cozinhar \u00e9 minha paix\u00e3o, saborear pratos incr\u00edveis \u00e9 meu hobby, e compartilhar todas essas experi\u00eancias culin\u00e1rias \u00e9 o que move a Cozinha TREVOUS! \u26a1\ufe0f&#8221; [\/vc_column_text][\/vc_column_inner][\/vc_row_inner][vc_row_inner][vc_column_inner width=&#8221;1\/4&#8243;][\/vc_column_inner][vc_column_inner width=&#8221;1\/2&#8243;][vc_column_text][\/vc_column_text][vc_raw_html]JTNDcCUzRSU1QnNpYndwX2Zvcm0lMjBpZCUzRDElNUQlM0MlMkZwJTNF[\/vc_raw_html][vc_single_image image=&#8221;825&#8243; img_size=&#8221;full&#8221; alignment=&#8221;center&#8221; style=&#8221;vc_box_rounded&#8221; onclick=&#8221;custom_link&#8221;&hellip;<\/p>\n","protected":false},"author":1,"featured_media":381,"parent":0,"menu_order":0,"comment_status":"closed","ping_status":"closed","template":"","meta":{"_acf_changed":false,"wpupg_custom_link":[],"wpupg_custom_link_behaviour":["default"],"wpupg_custom_link_nofollow":["default"],"wpupg_custom_image":[],"wpupg_custom_image_id":[],"wprm-recipe-roundup-name":"","wprm-recipe-roundup-description":"","footnotes":"","_links_to":"","_links_to_target":""},"class_list":["post-124","page","type-page","status-publish","has-post-thumbnail","hentry"],"acf":[],"yoast_head":"<!-- This site is optimized with the Yoast SEO plugin v27.5 - https:\/\/yoast.com\/product\/yoast-seo-wordpress\/ -->\n<title>Cozinha TREVOUS<\/title>\n<meta name=\"description\" content=\"Cozinhar \u00e9 minha paix\u00e3o, saborear pratos incr\u00edveis \u00e9 meu hobby, e compartilhar todas essas experi\u00eancias culin\u00e1rias \u00e9 o que move a Cozinha TREVOUS!\" \/>\n<meta name=\"robots\" content=\"index, follow, max-snippet:-1, max-image-preview:large, max-video-preview:-1\" \/>\n<link rel=\"canonical\" href=\"https:\/\/trevo.us\/cozinha\/cozinha-trevous\/\" \/>\n<meta property=\"og:locale\" content=\"pt_BR\" \/>\n<meta property=\"og:type\" content=\"article\" \/>\n<meta property=\"og:title\" content=\"Cozinha TREVOUS\" \/>\n<meta property=\"og:description\" content=\"Cozinhar \u00e9 minha paix\u00e3o, saborear pratos incr\u00edveis \u00e9 meu hobby, e compartilhar todas essas experi\u00eancias culin\u00e1rias \u00e9 o que move a Cozinha TREVOUS!\" \/>\n<meta property=\"og:url\" content=\"https:\/\/trevo.us\/cozinha\/cozinha-trevous\/\" \/>\n<meta property=\"og:site_name\" content=\"Cozinha TREVOUS\" \/>\n<meta property=\"og:image\" content=\"https:\/\/trevo.us\/cozinha\/wp-content\/uploads\/sites\/6\/2024\/03\/cropped-logo_CT_vermelha_fundo_vermelho-1.png\" \/>\n\t<meta property=\"og:image:width\" content=\"512\" \/>\n\t<meta property=\"og:image:height\" content=\"512\" \/>\n\t<meta property=\"og:image:type\" content=\"image\/png\" \/>\n<meta name=\"twitter:card\" content=\"summary_large_image\" \/>\n<meta name=\"twitter:label1\" content=\"Est. tempo de leitura\" \/>\n\t<meta name=\"twitter:data1\" content=\"2 minutos\" \/>\n<script type=\"application\/ld+json\" class=\"yoast-schema-graph\">{\"@context\":\"https:\\\/\\\/schema.org\",\"@graph\":[{\"@type\":\"WebPage\",\"@id\":\"https:\\\/\\\/trevo.us\\\/cozinha\\\/cozinha-trevous\\\/\",\"url\":\"https:\\\/\\\/trevo.us\\\/cozinha\\\/cozinha-trevous\\\/\",\"name\":\"Cozinha TREVOUS\",\"isPartOf\":{\"@id\":\"https:\\\/\\\/trevo.us\\\/cozinha\\\/#website\"},\"primaryImageOfPage\":{\"@id\":\"https:\\\/\\\/trevo.us\\\/cozinha\\\/cozinha-trevous\\\/#primaryimage\"},\"image\":{\"@id\":\"https:\\\/\\\/trevo.us\\\/cozinha\\\/cozinha-trevous\\\/#primaryimage\"},\"thumbnailUrl\":\"https:\\\/\\\/trevo.us\\\/cozinha\\\/wp-content\\\/uploads\\\/sites\\\/6\\\/2024\\\/03\\\/cropped-logo_CT_vermelha_fundo_vermelho-1.png\",\"datePublished\":\"2024-02-13T19:08:36+00:00\",\"description\":\"Cozinhar \u00e9 minha paix\u00e3o, saborear pratos incr\u00edveis \u00e9 meu hobby, e compartilhar todas essas experi\u00eancias culin\u00e1rias \u00e9 o que move a Cozinha TREVOUS!\",\"breadcrumb\":{\"@id\":\"https:\\\/\\\/trevo.us\\\/cozinha\\\/cozinha-trevous\\\/#breadcrumb\"},\"inLanguage\":\"pt-BR\",\"potentialAction\":[{\"@type\":\"ReadAction\",\"target\":[\"https:\\\/\\\/trevo.us\\\/cozinha\\\/cozinha-trevous\\\/\"]}]},{\"@type\":\"ImageObject\",\"inLanguage\":\"pt-BR\",\"@id\":\"https:\\\/\\\/trevo.us\\\/cozinha\\\/cozinha-trevous\\\/#primaryimage\",\"url\":\"https:\\\/\\\/trevo.us\\\/cozinha\\\/wp-content\\\/uploads\\\/sites\\\/6\\\/2024\\\/03\\\/cropped-logo_CT_vermelha_fundo_vermelho-1.png\",\"contentUrl\":\"https:\\\/\\\/trevo.us\\\/cozinha\\\/wp-content\\\/uploads\\\/sites\\\/6\\\/2024\\\/03\\\/cropped-logo_CT_vermelha_fundo_vermelho-1.png\",\"width\":512,\"height\":512},{\"@type\":\"BreadcrumbList\",\"@id\":\"https:\\\/\\\/trevo.us\\\/cozinha\\\/cozinha-trevous\\\/#breadcrumb\",\"itemListElement\":[{\"@type\":\"ListItem\",\"position\":1,\"name\":\"In\u00edcio\",\"item\":\"https:\\\/\\\/trevo.us\\\/cozinha\\\/\"},{\"@type\":\"ListItem\",\"position\":2,\"name\":\"Home\"}]},{\"@type\":\"WebSite\",\"@id\":\"https:\\\/\\\/trevo.us\\\/cozinha\\\/#website\",\"url\":\"https:\\\/\\\/trevo.us\\\/cozinha\\\/\",\"name\":\"Cozinha TREVOUS\",\"description\":\"\",\"potentialAction\":[{\"@type\":\"SearchAction\",\"target\":{\"@type\":\"EntryPoint\",\"urlTemplate\":\"https:\\\/\\\/trevo.us\\\/cozinha\\\/?s={search_term_string}\"},\"query-input\":{\"@type\":\"PropertyValueSpecification\",\"valueRequired\":true,\"valueName\":\"search_term_string\"}}],\"inLanguage\":\"pt-BR\"}]}<\/script>\n<!-- \/ Yoast SEO plugin. -->","yoast_head_json":{"title":"Cozinha TREVOUS","description":"Cozinhar \u00e9 minha paix\u00e3o, saborear pratos incr\u00edveis \u00e9 meu hobby, e compartilhar todas essas experi\u00eancias culin\u00e1rias \u00e9 o que move a Cozinha TREVOUS!","robots":{"index":"index","follow":"follow","max-snippet":"max-snippet:-1","max-image-preview":"max-image-preview:large","max-video-preview":"max-video-preview:-1"},"canonical":"https:\/\/trevo.us\/cozinha\/cozinha-trevous\/","og_locale":"pt_BR","og_type":"article","og_title":"Cozinha TREVOUS","og_description":"Cozinhar \u00e9 minha paix\u00e3o, saborear pratos incr\u00edveis \u00e9 meu hobby, e compartilhar todas essas experi\u00eancias culin\u00e1rias \u00e9 o que move a Cozinha TREVOUS!","og_url":"https:\/\/trevo.us\/cozinha\/cozinha-trevous\/","og_site_name":"Cozinha TREVOUS","og_image":[{"width":512,"height":512,"url":"https:\/\/trevo.us\/cozinha\/wp-content\/uploads\/sites\/6\/2024\/03\/cropped-logo_CT_vermelha_fundo_vermelho-1.png","type":"image\/png"}],"twitter_card":"summary_large_image","twitter_misc":{"Est. tempo de leitura":"2 minutos"},"schema":{"@context":"https:\/\/schema.org","@graph":[{"@type":"WebPage","@id":"https:\/\/trevo.us\/cozinha\/cozinha-trevous\/","url":"https:\/\/trevo.us\/cozinha\/cozinha-trevous\/","name":"Cozinha TREVOUS","isPartOf":{"@id":"https:\/\/trevo.us\/cozinha\/#website"},"primaryImageOfPage":{"@id":"https:\/\/trevo.us\/cozinha\/cozinha-trevous\/#primaryimage"},"image":{"@id":"https:\/\/trevo.us\/cozinha\/cozinha-trevous\/#primaryimage"},"thumbnailUrl":"https:\/\/trevo.us\/cozinha\/wp-content\/uploads\/sites\/6\/2024\/03\/cropped-logo_CT_vermelha_fundo_vermelho-1.png","datePublished":"2024-02-13T19:08:36+00:00","description":"Cozinhar \u00e9 minha paix\u00e3o, saborear pratos incr\u00edveis \u00e9 meu hobby, e compartilhar todas essas experi\u00eancias culin\u00e1rias \u00e9 o que move a Cozinha TREVOUS!","breadcrumb":{"@id":"https:\/\/trevo.us\/cozinha\/cozinha-trevous\/#breadcrumb"},"inLanguage":"pt-BR","potentialAction":[{"@type":"ReadAction","target":["https:\/\/trevo.us\/cozinha\/cozinha-trevous\/"]}]},{"@type":"ImageObject","inLanguage":"pt-BR","@id":"https:\/\/trevo.us\/cozinha\/cozinha-trevous\/#primaryimage","url":"https:\/\/trevo.us\/cozinha\/wp-content\/uploads\/sites\/6\/2024\/03\/cropped-logo_CT_vermelha_fundo_vermelho-1.png","contentUrl":"https:\/\/trevo.us\/cozinha\/wp-content\/uploads\/sites\/6\/2024\/03\/cropped-logo_CT_vermelha_fundo_vermelho-1.png","width":512,"height":512},{"@type":"BreadcrumbList","@id":"https:\/\/trevo.us\/cozinha\/cozinha-trevous\/#breadcrumb","itemListElement":[{"@type":"ListItem","position":1,"name":"In\u00edcio","item":"https:\/\/trevo.us\/cozinha\/"},{"@type":"ListItem","position":2,"name":"Home"}]},{"@type":"WebSite","@id":"https:\/\/trevo.us\/cozinha\/#website","url":"https:\/\/trevo.us\/cozinha\/","name":"Cozinha TREVOUS","description":"","potentialAction":[{"@type":"SearchAction","target":{"@type":"EntryPoint","urlTemplate":"https:\/\/trevo.us\/cozinha\/?s={search_term_string}"},"query-input":{"@type":"PropertyValueSpecification","valueRequired":true,"valueName":"search_term_string"}}],"inLanguage":"pt-BR"}]}},"wps_subtitle":"","_links":{"self":[{"href":"https:\/\/trevo.us\/cozinha\/wp-json\/wp\/v2\/pages\/124","targetHints":{"allow":["GET"]}}],"collection":[{"href":"https:\/\/trevo.us\/cozinha\/wp-json\/wp\/v2\/pages"}],"about":[{"href":"https:\/\/trevo.us\/cozinha\/wp-json\/wp\/v2\/types\/page"}],"author":[{"embeddable":true,"href":"https:\/\/trevo.us\/cozinha\/wp-json\/wp\/v2\/users\/1"}],"replies":[{"embeddable":true,"href":"https:\/\/trevo.us\/cozinha\/wp-json\/wp\/v2\/comments?post=124"}],"version-history":[{"count":0,"href":"https:\/\/trevo.us\/cozinha\/wp-json\/wp\/v2\/pages\/124\/revisions"}],"wp:featuredmedia":[{"embeddable":true,"href":"https:\/\/trevo.us\/cozinha\/wp-json\/wp\/v2\/media\/381"}],"wp:attachment":[{"href":"https:\/\/trevo.us\/cozinha\/wp-json\/wp\/v2\/media?parent=124"}],"curies":[{"name":"wp","href":"https:\/\/api.w.org\/{rel}","templated":true}]}}